{"id":8439,"date":"2025-10-03T16:34:54","date_gmt":"2025-10-03T14:34:54","guid":{"rendered":"https:\/\/www.tovefevang.no\/shop\/?post_type=product&#038;p=8439"},"modified":"2025-10-03T16:47:26","modified_gmt":"2025-10-03T14:47:26","slug":"redesigned-project-9","status":"publish","type":"product","link":"https:\/\/www.tovefevang.no\/shop\/produkt\/redesigned-project-9\/","title":{"rendered":"RE:DESIGNED project 9"},"content":{"rendered":"","protected":false},"excerpt":{"rendered":"<p><strong data-spm-anchor-id=\"a2ty_o01.29997173.0.i11.67ecc921yetBQ1\">Project 9<\/strong> er en liten, elegant veske med inspirasjon fra klassiske skj\u00f8nnhetsbokser \u2013 skreddersydd for garnelskere og strikkeentusiaster. Med sin sans for detaljer og gjennomtenkte funksjonalitet l\u00f8fter den hele strikkeopplevelsen til et nytt niv\u00e5.<\/p>\n<p>Her finner du gleden ved <strong>organisert kreativitet<\/strong>: alt du trenger er plassert akkurat der det skal v\u00e6re. Med utstyret ditt fint sortert i Project 9, kan du bruke mer tid p\u00e5 \u00e5 strikke \u2013 og mindre p\u00e5 \u00e5 lete.<\/p>\n<div class=\"my-2\"><\/div>\n<p>\u2013 Et dedikert rom for strikkeverkt\u00f8y holder saks, maskemark\u00f8rer og pinner trygt og ryddig. Takket v\u00e6re smarte lommer og faste fester mister du aldri en pinne igjen. La skj\u00f8nnheten i ditt prosjekt virkelig komme frem \u2013 uten rot, uten stress.<\/p>\n<p>Farge: Valn\u00f8tt eller Tan<br \/>\nKvalitet: 100% skinn<br \/>\nM\u00e5l: H:14 x B:23 x D:12 cm<\/p>\n<p><strong>PROJECT<\/strong> 9 er laget av v\u00e5r Urban-kvalitet, som er naturlig farget kuskinn. F\u00f8r overflaten er ferdig behandlet med fargestoff for \u00e5 bevare det originale m\u00f8nsteret til det r\u00e5 skinnet. Kvaliteten er definert av dens naturlige og myke utseende og f\u00f8lelse, med hver sak er unik med individuelle egenskaper. Etter at saken er farget, p\u00e5f\u00f8res en lett voks manuelt p\u00e5 overflaten. Du kan eventuelt p\u00e5f\u00f8re RE:DESIGNED skinnbalsam p\u00e5 etuiet ditt for \u00e5 \u00f8ke holdbarheten til l\u00e6ret og gj\u00f8re det mer motstandsdyktig mot smuss og vann.<\/p>\n","protected":false},"author":4,"featured_media":8448,"template":"","meta":{"advgb_blocks_editor_width":"","advgb_blocks_columns_visual_guide":""},"product_brand":[],"product_cat":[38],"product_tag":[],"class_list":{"0":"post-8439","1":"product","2":"type-product","3":"status-publish","4":"has-post-thumbnail","6":"product_cat-redesigned","8":"first","9":"onbackorder","10":"taxable","11":"shipping-taxable","12":"purchasable","13":"product-type-variable","14":"wvs-archive-product-wrapper"},"yoast_head":"<!-- This site is optimized with the Yoast SEO plugin v27.4 - https:\/\/yoast.com\/product\/yoast-seo-wordpress\/ -->\n<title>RE:DESIGNED project 9 - Idestuen AS - Tove Fevang<\/title>\n<meta name=\"robots\" content=\"index, follow, max-snippet:-1, max-image-preview:large, max-video-preview:-1\" \/>\n<link rel=\"canonical\" href=\"https:\/\/www.tovefevang.no\/shop\/produkt\/redesigned-project-9\/\" \/>\n<meta property=\"og:locale\" content=\"nb_NO\" \/>\n<meta property=\"og:type\" content=\"article\" \/>\n<meta property=\"og:title\" content=\"RE:DESIGNED project 9 - Idestuen AS - Tove Fevang\" \/>\n<meta property=\"og:description\" content=\"Project 9 er en liten, elegant veske med inspirasjon fra klassiske skj\u00f8nnhetsbokser \u2013 skreddersydd for garnelskere og strikkeentusiaster. Med sin sans for detaljer og gjennomtenkte funksjonalitet l\u00f8fter den hele strikkeopplevelsen til et nytt niv\u00e5.  Her finner du gleden ved organisert kreativitet: alt du trenger er plassert akkurat der det skal v\u00e6re. Med utstyret ditt fint sortert i Project 9, kan du bruke mer tid p\u00e5 \u00e5 strikke \u2013 og mindre p\u00e5 \u00e5 lete.  \u2013 Et dedikert rom for strikkeverkt\u00f8y holder saks, maskemark\u00f8rer og pinner trygt og ryddig. Takket v\u00e6re smarte lommer og faste fester mister du aldri en pinne igjen. La skj\u00f8nnheten i ditt prosjekt virkelig komme frem \u2013 uten rot, uten stress.  Farge: Valn\u00f8tt eller Tan Kvalitet: 100% skinn M\u00e5l: H:14 x B:23 x D:12 cm  PROJECT 9 er laget av v\u00e5r Urban-kvalitet, som er naturlig farget kuskinn. F\u00f8r overflaten er ferdig behandlet med fargestoff for \u00e5 bevare det originale m\u00f8nsteret til det r\u00e5 skinnet. Kvaliteten er definert av dens naturlige og myke utseende og f\u00f8lelse, med hver sak er unik med individuelle egenskaper. Etter at saken er farget, p\u00e5f\u00f8res en lett voks manuelt p\u00e5 overflaten. Du kan eventuelt p\u00e5f\u00f8re RE:DESIGNED skinnbalsam p\u00e5 etuiet ditt for \u00e5 \u00f8ke holdbarheten til l\u00e6ret og gj\u00f8re det mer motstandsdyktig mot smuss og vann.\" \/>\n<meta property=\"og:url\" content=\"https:\/\/www.tovefevang.no\/shop\/produkt\/redesigned-project-9\/\" \/>\n<meta property=\"og:site_name\" content=\"Idestuen AS - Tove Fevang\" \/>\n<meta property=\"article:publisher\" content=\"https:\/\/www.facebook.com\/tovefevang.no\" \/>\n<meta property=\"article:modified_time\" content=\"2025-10-03T14:47:26+00:00\" \/>\n<meta property=\"og:image\" content=\"https:\/\/www.tovefevang.no\/shop\/wp-content\/uploads\/sites\/2\/2025\/10\/P009_burned_tan_4.jpg\" \/>\n\t<meta property=\"og:image:width\" content=\"1024\" \/>\n\t<meta property=\"og:image:height\" content=\"1024\" \/>\n\t<meta property=\"og:image:type\" content=\"image\/jpeg\" \/>\n<meta name=\"twitter:card\" content=\"summary_large_image\" \/>\n<meta name=\"twitter:label1\" content=\"Ansl. lesetid\" \/>\n\t<meta name=\"twitter:data1\" content=\"1 minutt\" \/>\n<script type=\"application\/ld+json\" class=\"yoast-schema-graph\">{\"@context\":\"https:\\\/\\\/schema.org\",\"@graph\":[{\"@type\":\"WebPage\",\"@id\":\"https:\\\/\\\/www.tovefevang.no\\\/shop\\\/produkt\\\/redesigned-project-9\\\/\",\"url\":\"https:\\\/\\\/www.tovefevang.no\\\/shop\\\/produkt\\\/redesigned-project-9\\\/\",\"name\":\"RE:DESIGNED project 9 - Idestuen AS - Tove Fevang\",\"isPartOf\":{\"@id\":\"https:\\\/\\\/www.tovefevang.no\\\/shop\\\/#website\"},\"primaryImageOfPage\":{\"@id\":\"https:\\\/\\\/www.tovefevang.no\\\/shop\\\/produkt\\\/redesigned-project-9\\\/#primaryimage\"},\"image\":{\"@id\":\"https:\\\/\\\/www.tovefevang.no\\\/shop\\\/produkt\\\/redesigned-project-9\\\/#primaryimage\"},\"thumbnailUrl\":\"https:\\\/\\\/www.tovefevang.no\\\/shop\\\/wp-content\\\/uploads\\\/sites\\\/2\\\/2025\\\/10\\\/P009_burned_tan_4.jpg\",\"datePublished\":\"2025-10-03T14:34:54+00:00\",\"dateModified\":\"2025-10-03T14:47:26+00:00\",\"breadcrumb\":{\"@id\":\"https:\\\/\\\/www.tovefevang.no\\\/shop\\\/produkt\\\/redesigned-project-9\\\/#breadcrumb\"},\"inLanguage\":\"nb-NO\",\"potentialAction\":[{\"@type\":\"ReadAction\",\"target\":[\"https:\\\/\\\/www.tovefevang.no\\\/shop\\\/produkt\\\/redesigned-project-9\\\/\"]}]},{\"@type\":\"ImageObject\",\"inLanguage\":\"nb-NO\",\"@id\":\"https:\\\/\\\/www.tovefevang.no\\\/shop\\\/produkt\\\/redesigned-project-9\\\/#primaryimage\",\"url\":\"https:\\\/\\\/www.tovefevang.no\\\/shop\\\/wp-content\\\/uploads\\\/sites\\\/2\\\/2025\\\/10\\\/P009_burned_tan_4.jpg\",\"contentUrl\":\"https:\\\/\\\/www.tovefevang.no\\\/shop\\\/wp-content\\\/uploads\\\/sites\\\/2\\\/2025\\\/10\\\/P009_burned_tan_4.jpg\",\"width\":1024,\"height\":1024},{\"@type\":\"BreadcrumbList\",\"@id\":\"https:\\\/\\\/www.tovefevang.no\\\/shop\\\/produkt\\\/redesigned-project-9\\\/#breadcrumb\",\"itemListElement\":[{\"@type\":\"ListItem\",\"position\":1,\"name\":\"Hjem\",\"item\":\"https:\\\/\\\/www.tovefevang.no\\\/shop\\\/\"},{\"@type\":\"ListItem\",\"position\":2,\"name\":\"Nettbutikk\",\"item\":\"https:\\\/\\\/www.tovefevang.no\\\/shop\\\/butikk\\\/\"},{\"@type\":\"ListItem\",\"position\":3,\"name\":\"RE:DESIGNED project 9\"}]},{\"@type\":\"WebSite\",\"@id\":\"https:\\\/\\\/www.tovefevang.no\\\/shop\\\/#website\",\"url\":\"https:\\\/\\\/www.tovefevang.no\\\/shop\\\/\",\"name\":\"Idestuen AS - Tove Fevang\",\"description\":\"Idestuen AS - Tove Fevang\",\"publisher\":{\"@id\":\"https:\\\/\\\/www.tovefevang.no\\\/shop\\\/#organization\"},\"potentialAction\":[{\"@type\":\"SearchAction\",\"target\":{\"@type\":\"EntryPoint\",\"urlTemplate\":\"https:\\\/\\\/www.tovefevang.no\\\/shop\\\/?s={search_term_string}\"},\"query-input\":{\"@type\":\"PropertyValueSpecification\",\"valueRequired\":true,\"valueName\":\"search_term_string\"}}],\"inLanguage\":\"nb-NO\"},{\"@type\":\"Organization\",\"@id\":\"https:\\\/\\\/www.tovefevang.no\\\/shop\\\/#organization\",\"name\":\"Idestuen AS - Tove Fevang\",\"url\":\"https:\\\/\\\/www.tovefevang.no\\\/shop\\\/\",\"logo\":{\"@type\":\"ImageObject\",\"inLanguage\":\"nb-NO\",\"@id\":\"https:\\\/\\\/www.tovefevang.no\\\/shop\\\/#\\\/schema\\\/logo\\\/image\\\/\",\"url\":\"https:\\\/\\\/www.tovefevang.no\\\/shop\\\/wp-content\\\/uploads\\\/sites\\\/2\\\/2023\\\/11\\\/tovefevang-logo-1950_500.png\",\"contentUrl\":\"https:\\\/\\\/www.tovefevang.no\\\/shop\\\/wp-content\\\/uploads\\\/sites\\\/2\\\/2023\\\/11\\\/tovefevang-logo-1950_500.png\",\"width\":708,\"height\":181,\"caption\":\"Idestuen AS - Tove Fevang\"},\"image\":{\"@id\":\"https:\\\/\\\/www.tovefevang.no\\\/shop\\\/#\\\/schema\\\/logo\\\/image\\\/\"},\"sameAs\":[\"https:\\\/\\\/www.facebook.com\\\/tovefevang.no\"]}]}<\/script>\n<!-- \/ Yoast SEO plugin. -->","yoast_head_json":{"title":"RE:DESIGNED project 9 - Idestuen AS - Tove Fevang","robots":{"index":"index","follow":"follow","max-snippet":"max-snippet:-1","max-image-preview":"max-image-preview:large","max-video-preview":"max-video-preview:-1"},"canonical":"https:\/\/www.tovefevang.no\/shop\/produkt\/redesigned-project-9\/","og_locale":"nb_NO","og_type":"article","og_title":"RE:DESIGNED project 9 - Idestuen AS - Tove Fevang","og_description":"Project 9 er en liten, elegant veske med inspirasjon fra klassiske skj\u00f8nnhetsbokser \u2013 skreddersydd for garnelskere og strikkeentusiaster. Med sin sans for detaljer og gjennomtenkte funksjonalitet l\u00f8fter den hele strikkeopplevelsen til et nytt niv\u00e5.  Her finner du gleden ved organisert kreativitet: alt du trenger er plassert akkurat der det skal v\u00e6re. Med utstyret ditt fint sortert i Project 9, kan du bruke mer tid p\u00e5 \u00e5 strikke \u2013 og mindre p\u00e5 \u00e5 lete.  \u2013 Et dedikert rom for strikkeverkt\u00f8y holder saks, maskemark\u00f8rer og pinner trygt og ryddig. Takket v\u00e6re smarte lommer og faste fester mister du aldri en pinne igjen. La skj\u00f8nnheten i ditt prosjekt virkelig komme frem \u2013 uten rot, uten stress.  Farge: Valn\u00f8tt eller Tan Kvalitet: 100% skinn M\u00e5l: H:14 x B:23 x D:12 cm  PROJECT 9 er laget av v\u00e5r Urban-kvalitet, som er naturlig farget kuskinn. F\u00f8r overflaten er ferdig behandlet med fargestoff for \u00e5 bevare det originale m\u00f8nsteret til det r\u00e5 skinnet. Kvaliteten er definert av dens naturlige og myke utseende og f\u00f8lelse, med hver sak er unik med individuelle egenskaper. Etter at saken er farget, p\u00e5f\u00f8res en lett voks manuelt p\u00e5 overflaten. Du kan eventuelt p\u00e5f\u00f8re RE:DESIGNED skinnbalsam p\u00e5 etuiet ditt for \u00e5 \u00f8ke holdbarheten til l\u00e6ret og gj\u00f8re det mer motstandsdyktig mot smuss og vann.","og_url":"https:\/\/www.tovefevang.no\/shop\/produkt\/redesigned-project-9\/","og_site_name":"Idestuen AS - Tove Fevang","article_publisher":"https:\/\/www.facebook.com\/tovefevang.no","article_modified_time":"2025-10-03T14:47:26+00:00","og_image":[{"width":1024,"height":1024,"url":"https:\/\/www.tovefevang.no\/shop\/wp-content\/uploads\/sites\/2\/2025\/10\/P009_burned_tan_4.jpg","type":"image\/jpeg"}],"twitter_card":"summary_large_image","twitter_misc":{"Ansl. lesetid":"1 minutt"},"schema":{"@context":"https:\/\/schema.org","@graph":[{"@type":"WebPage","@id":"https:\/\/www.tovefevang.no\/shop\/produkt\/redesigned-project-9\/","url":"https:\/\/www.tovefevang.no\/shop\/produkt\/redesigned-project-9\/","name":"RE:DESIGNED project 9 - Idestuen AS - Tove Fevang","isPartOf":{"@id":"https:\/\/www.tovefevang.no\/shop\/#website"},"primaryImageOfPage":{"@id":"https:\/\/www.tovefevang.no\/shop\/produkt\/redesigned-project-9\/#primaryimage"},"image":{"@id":"https:\/\/www.tovefevang.no\/shop\/produkt\/redesigned-project-9\/#primaryimage"},"thumbnailUrl":"https:\/\/www.tovefevang.no\/shop\/wp-content\/uploads\/sites\/2\/2025\/10\/P009_burned_tan_4.jpg","datePublished":"2025-10-03T14:34:54+00:00","dateModified":"2025-10-03T14:47:26+00:00","breadcrumb":{"@id":"https:\/\/www.tovefevang.no\/shop\/produkt\/redesigned-project-9\/#breadcrumb"},"inLanguage":"nb-NO","potentialAction":[{"@type":"ReadAction","target":["https:\/\/www.tovefevang.no\/shop\/produkt\/redesigned-project-9\/"]}]},{"@type":"ImageObject","inLanguage":"nb-NO","@id":"https:\/\/www.tovefevang.no\/shop\/produkt\/redesigned-project-9\/#primaryimage","url":"https:\/\/www.tovefevang.no\/shop\/wp-content\/uploads\/sites\/2\/2025\/10\/P009_burned_tan_4.jpg","contentUrl":"https:\/\/www.tovefevang.no\/shop\/wp-content\/uploads\/sites\/2\/2025\/10\/P009_burned_tan_4.jpg","width":1024,"height":1024},{"@type":"BreadcrumbList","@id":"https:\/\/www.tovefevang.no\/shop\/produkt\/redesigned-project-9\/#breadcrumb","itemListElement":[{"@type":"ListItem","position":1,"name":"Hjem","item":"https:\/\/www.tovefevang.no\/shop\/"},{"@type":"ListItem","position":2,"name":"Nettbutikk","item":"https:\/\/www.tovefevang.no\/shop\/butikk\/"},{"@type":"ListItem","position":3,"name":"RE:DESIGNED project 9"}]},{"@type":"WebSite","@id":"https:\/\/www.tovefevang.no\/shop\/#website","url":"https:\/\/www.tovefevang.no\/shop\/","name":"Idestuen AS - Tove Fevang","description":"Idestuen AS - Tove Fevang","publisher":{"@id":"https:\/\/www.tovefevang.no\/shop\/#organization"},"potentialAction":[{"@type":"SearchAction","target":{"@type":"EntryPoint","urlTemplate":"https:\/\/www.tovefevang.no\/shop\/?s={search_term_string}"},"query-input":{"@type":"PropertyValueSpecification","valueRequired":true,"valueName":"search_term_string"}}],"inLanguage":"nb-NO"},{"@type":"Organization","@id":"https:\/\/www.tovefevang.no\/shop\/#organization","name":"Idestuen AS - Tove Fevang","url":"https:\/\/www.tovefevang.no\/shop\/","logo":{"@type":"ImageObject","inLanguage":"nb-NO","@id":"https:\/\/www.tovefevang.no\/shop\/#\/schema\/logo\/image\/","url":"https:\/\/www.tovefevang.no\/shop\/wp-content\/uploads\/sites\/2\/2023\/11\/tovefevang-logo-1950_500.png","contentUrl":"https:\/\/www.tovefevang.no\/shop\/wp-content\/uploads\/sites\/2\/2023\/11\/tovefevang-logo-1950_500.png","width":708,"height":181,"caption":"Idestuen AS - Tove Fevang"},"image":{"@id":"https:\/\/www.tovefevang.no\/shop\/#\/schema\/logo\/image\/"},"sameAs":["https:\/\/www.facebook.com\/tovefevang.no"]}]}},"featured_img":"https:\/\/www.tovefevang.no\/shop\/wp-content\/uploads\/sites\/2\/2025\/10\/P009_burned_tan_4.jpg","coauthors":[],"author_meta":{"author_link":"https:\/\/www.tovefevang.no\/shop\/author\/geiradmin\/","display_name":"Geir Arnesen"},"relative_dates":{"created":"Publisert 7 m\u00e5neder siden","modified":"Oppdatert 7 m\u00e5neder siden"},"absolute_dates":{"created":"Publisert 3. oktober 2025","modified":"Oppdatert 3. oktober 2025"},"absolute_dates_time":{"created":"Publisert 3. oktober 2025 16:34","modified":"Oppdatert 3. oktober 2025 16:47"},"featured_img_caption":"","tax_additional":{"product_brand":{"linked":[],"unlinked":[],"slug":"product_brand","name":"Merker"},"product_type":{"linked":["<a href=\"https:\/\/www.tovefevang.no\/shop\/?taxonomy=product_type&#038;term=variable\" class=\"advgb-post-tax-term\">variable<\/a>"],"unlinked":["<span class=\"advgb-post-tax-term\">variable<\/span>"],"slug":"product_type","name":"Produkttype"},"product_visibility":{"linked":[],"unlinked":[],"slug":"product_visibility","name":"Produktsynlighet"},"product_cat":{"linked":["<a href=\"https:\/\/www.tovefevang.no\/shop\/produktkategori\/produkter\/tilbehor\/redesigned\/\" class=\"advgb-post-tax-term\">RE:DESIGNED<\/a>"],"unlinked":["<span class=\"advgb-post-tax-term\">RE:DESIGNED<\/span>"],"slug":"product_cat","name":"Produktkategorier"},"product_tag":{"linked":[],"unlinked":[],"slug":"product_tag","name":"Produktstikkord"},"product_shipping_class":{"linked":[],"unlinked":[],"slug":"product_shipping_class","name":"Produkt fraktklasse"},"pos_product_visibility":{"linked":[],"unlinked":[],"slug":"pos_product_visibility","name":"POS Product visibility"},"pa_color":{"linked":[],"unlinked":[],"slug":"pa_color","name":"Produkt Farge"},"pa_size":{"linked":[],"unlinked":[],"slug":"pa_size","name":"Produkt St\u00f8rrelse"}},"series_order":"","_links":{"self":[{"href":"https:\/\/www.tovefevang.no\/shop\/wp-json\/wp\/v2\/product\/8439","targetHints":{"allow":["GET"]}}],"collection":[{"href":"https:\/\/www.tovefevang.no\/shop\/wp-json\/wp\/v2\/product"}],"about":[{"href":"https:\/\/www.tovefevang.no\/shop\/wp-json\/wp\/v2\/types\/product"}],"wp:featuredmedia":[{"embeddable":true,"href":"https:\/\/www.tovefevang.no\/shop\/wp-json\/wp\/v2\/media\/8448"}],"wp:attachment":[{"href":"https:\/\/www.tovefevang.no\/shop\/wp-json\/wp\/v2\/media?parent=8439"}],"wp:term":[{"taxonomy":"product_brand","embeddable":true,"href":"https:\/\/www.tovefevang.no\/shop\/wp-json\/wp\/v2\/product_brand?post=8439"},{"taxonomy":"product_cat","embeddable":true,"href":"https:\/\/www.tovefevang.no\/shop\/wp-json\/wp\/v2\/product_cat?post=8439"},{"taxonomy":"product_tag","embeddable":true,"href":"https:\/\/www.tovefevang.no\/shop\/wp-json\/wp\/v2\/product_tag?post=8439"}],"curies":[{"name":"wp","href":"https:\/\/api.w.org\/{rel}","templated":true}]}}