{"id":10015,"date":"2025-11-27T10:24:00","date_gmt":"2025-11-27T09:24:00","guid":{"rendered":"https:\/\/www.tovefevang.no\/shop\/?post_type=product&#038;p=10015"},"modified":"2025-11-27T10:25:06","modified_gmt":"2025-11-27T09:25:06","slug":"test-adventskalender-2025-strikke-julesokker-test","status":"publish","type":"product","link":"https:\/\/www.tovefevang.no\/shop\/produkt\/test-adventskalender-2025-strikke-julesokker-test\/","title":{"rendered":"TEST Adventskalender 2025 = strikke julesokker-test"},"content":{"rendered":"\n<p class=\"has-vivid-red-color has-text-color has-link-color wp-elements-677257f0a16172d12b044865203a2329\">Garnpakke m\u00e5 kj\u00f8pes separat<\/p>\n\n\n\n<p><\/p>\n","protected":false},"excerpt":{"rendered":"<p><strong>Adventskalender 2025<\/strong>\u00a0 <strong>= strikke julesokker\u00a0<\/strong><\/p>\n<p><!--{cke_protected}{C}%3C!%2D%2D%20wp%3Aparagraph%20%2D%2D%3E--><\/p>\n<p>Hva med \u00e5 finne litt tid til deg selv i adventstiden og gj\u00f8re noe av det du liker best.\u00a0Adventskalender 2025 betyr \u00e5 v\u00e6re med \u00e5 strikke julesokker til deg selv eller en du vil glede til jul! En ny del av oppskriften kommer hver s\u00f8ndag i adventstiden. Pluss en ekstra strikkeoppskrift p\u00e5 julaften, hva den oppskriften er forblir hemmelig frem til julaften! 1. s\u00f8ndag i advent (30.nov.) m\u00f8tes vi p\u00e5\u00a0Zoom\u00a0for en kickstart og minikurs om oppskriften for den som \u00f8nsker.<\/p>\n<p><!--{cke_protected}{C}%3C!%2D%2D%20%2Fwp%3Aparagraph%20%2D%2D%3E--><!--{cke_protected}{C}%3C!%2D%2D%20wp%3Aparagraph%20%2D%2D%3E--><\/p>\n<p><strong><img loading=\"lazy\" decoding=\"async\" class=\"alignnone size-medium wp-image-9047\" src=\"https:\/\/www.tovefevang.no\/shop\/wp-content\/uploads\/sites\/2\/2025\/10\/DSC05608-1920x1200_70-q70-300x249.jpg\" alt=\"\" width=\"300\" height=\"249\" srcset=\"https:\/\/www.tovefevang.no\/shop\/wp-content\/uploads\/sites\/2\/2025\/10\/DSC05608-1920x1200_70-q70-300x249.jpg 300w, https:\/\/www.tovefevang.no\/shop\/wp-content\/uploads\/sites\/2\/2025\/10\/DSC05608-1920x1200_70-q70-1024x851.jpg 1024w, https:\/\/www.tovefevang.no\/shop\/wp-content\/uploads\/sites\/2\/2025\/10\/DSC05608-1920x1200_70-q70-768x638.jpg 768w, https:\/\/www.tovefevang.no\/shop\/wp-content\/uploads\/sites\/2\/2025\/10\/DSC05608-1920x1200_70-q70-416x346.jpg 416w, https:\/\/www.tovefevang.no\/shop\/wp-content\/uploads\/sites\/2\/2025\/10\/DSC05608-1920x1200_70-q70.jpg 1444w\" sizes=\"auto, (max-width: 300px) 100vw, 300px\" \/> HVA?<\/strong> Hver s\u00f8ndag i adventstiden, mottar du en mail fra meg med s\u00f8ndagens del av sokkeoppskriften. Den blir fordelt p\u00e5 de 4 s\u00f8ndagene i advent, men for at du skal bli ferdig til julaften\u00a0s\u00e5 blir den fordelt p\u00e5 3 litt st\u00f8rre deler og den siste delen blir slutten av sokken&#8230; for det er f\u00e5 dager fra 4. s\u00f8ndag i advent og til julaften.<\/p>\n<p><!--{cke_protected}{C}%3C!%2D%2D%20%2Fwp%3Aparagraph%20%2D%2D%3E--><!--{cke_protected}{C}%3C!%2D%2D%20wp%3Aparagraph%20%2D%2D%3E--><\/p>\n<p>Oppskriften vil ha mange trinn-for-trinn bilder og ogs\u00e5 noen sm\u00e5 videoer laget spesielt for oppskriften. S\u00e5 om du er nybegynner eller erfaren strikker skal du kunne klare det. Skulle du st\u00e5 fast s\u00e5 hjelper jeg deg gjerne.<\/p>\n<p><!--{cke_protected}{C}%3C!%2D%2D%20wp%3Aparagraph%20%2D%2D%3E--><\/p>\n<p>Mine sokker er strikket i r\u00f8dt og ubleket hvit, garnet jeg har brukt Fj\u00e6re sokkegarn fra Hillesv\u00e5g ullvarefarbrikk (80 % ull og 20% nylon) og p\u00e5 pinner nr. 2 1\/2. R\u00f8dt Fj\u00e6re sokkegarn, har du nok aldri sett f\u00f8r. Da Hillesv\u00e5g\u00a0har spesialfarget dette for meg, og finnes ikke i deres fargekart. S\u00e5 vil du har r\u00f8dt sokkegarn s\u00e5 har du muligheten her.<\/p>\n<p><!--{cke_protected}{C}%3C!%2D%2D%20%2Fwp%3Aparagraph%20%2D%2D%3E--><!--{cke_protected}{C}%3C!%2D%2D%20wp%3Aparagraph%20%2D%2D%3E--><!--{cke_protected}{C}%3C!%2D%2D%20%2Fwp%3Aparagraph%20%2D%2D%3E--><!--{cke_protected}{C}%3C!%2D%2D%20%2Fwp%3Aparagraph%20%2D%2D%3E--><!--{cke_protected}{C}%3C!%2D%2D%20wp%3Aparagraph%20%2D%2D%3E--><!--{cke_protected}{C}%3C!%2D%2D%20%2Fwp%3Aparagraph%20%2D%2D%3E--><!--{cke_protected}{C}%3C!%2D%2D%20wp%3Aparagraph%20%2D%2D%3E--><\/p>\n<p><strong>HVEM?<\/strong> Sokkeoppskriften splitter ny til adventskalenderen 2025 og laget spesielt av meg, Tove Fevang til deg. Jeg\u00a0har jobbet fulltid som h\u00e5ndarbeidsdesigner, forfatter av et tyvetalls h\u00e5ndarbeids b\u00f8ker, kurs- og foredragsholder, redakt\u00f8r for ulike magasiner gjennom de siste 45 \u00e5rene. (mitt firma Idestuen as fyller faktisk 40 \u00e5r i starten av desember 2025, kanskje jeg m\u00e5 feire det) Jeg elsker \u00e5 designe v\u00e6re seg strikk, hekling, s\u00f8m, broderi. Tenke ut nye ideer og se om de kan fungere slik jeg \u00f8nsker. Ekstra stor er gleden n\u00e5r jeg ser mange f\u00e5r til det jeg har designet og har glede av \u00e5 bruke oppskriftene, og ikke minst skaper sine egne ting ut ifra ideene og designene. Mitt store \u00f8nske er at alle skal ha like stor glede av h\u00e5ndarbeid som meg selv, og kan jeg v\u00e6re med p\u00e5 \u00e5 hjelpe noen p\u00e5 den veien s\u00e5 er det en stor glede for meg!<\/p>\n<p><!--{cke_protected}{C}%3C!%2D%2D%20%2Fwp%3Aparagraph%20%2D%2D%3E--><!--{cke_protected}{C}%3C!%2D%2D%20wp%3Aparagraph%20%2D%2D%3E--><!--{cke_protected}{C}%3C!%2D%2D%20%2Fwp%3Aparagraph%20%2D%2D%3E--><!--{cke_protected}{C}%3C!%2D%2D%20wp%3Aparagraph%20%2D%2D%3E--><\/p>\n<p><strong>HVORDAN?<\/strong> Du f\u00e5r en ny del av sokkeoppskriften rett inn i innboksen p\u00e5 mailen din hver s\u00f8ndag formiddag i adventstiden. Pssst&#8230; p\u00e5 julaften kommer julenissen med en ekstra oppskrift som du kan strikke p\u00e5 i julen&#8230; <strong style=\"color: red;\">NB! Garnpakke til Adventskalender 2025 m\u00e5 kj\u00f8pes separat<\/strong> <a href=\"https:\/\/www.tovefevang.no\/shop\/produkt\/adventskalender-2025-garnpakke-julesokker\/\">G\u00e5 hit for \u00e5 kj\u00f8pe garnpakke til adventskalenderen.<\/a> \u00a0<\/p>\n<div><!--{cke_protected}{C}%3C!%2D%2D%20%2Fwp%3Aparagraph%20%2D%2D%3E--><!--{cke_protected}{C}%3C!%2D%2D%20wp%3Aparagraph%20%2D%2D%3E--><\/div>\n","protected":false},"author":4,"featured_media":9061,"template":"","meta":{"advgb_blocks_editor_width":"","advgb_blocks_columns_visual_guide":""},"product_brand":[],"product_cat":[49,18,20],"product_tag":[],"class_list":{"0":"post-10015","1":"product","2":"type-product","3":"status-publish","4":"has-post-thumbnail","6":"product_cat-kurs","7":"product_cat-oppskrift","8":"product_cat-sokker","10":"first","11":"instock","12":"downloadable","13":"virtual","14":"sold-individually","15":"purchasable","16":"product-type-simple"},"yoast_head":"<!-- This site is optimized with the Yoast SEO plugin v27.4 - https:\/\/yoast.com\/product\/yoast-seo-wordpress\/ -->\n<title>TEST Adventskalender 2025 = strikke julesokker-test - Idestuen AS - Tove Fevang<\/title>\n<meta name=\"robots\" content=\"index, follow, max-snippet:-1, max-image-preview:large, max-video-preview:-1\" \/>\n<link rel=\"canonical\" href=\"https:\/\/www.tovefevang.no\/shop\/produkt\/test-adventskalender-2025-strikke-julesokker-test\/\" \/>\n<meta property=\"og:locale\" content=\"nb_NO\" \/>\n<meta property=\"og:type\" content=\"article\" \/>\n<meta property=\"og:title\" content=\"TEST Adventskalender 2025 = strikke julesokker-test - Idestuen AS - Tove Fevang\" \/>\n<meta property=\"og:description\" content=\"Adventskalender 2025\u00a0 = strikke julesokker\u00a0  Hva med \u00e5 finne litt tid til deg selv i adventstiden og gj\u00f8re noe av det du liker best.\u00a0Adventskalender 2025 betyr \u00e5 v\u00e6re med \u00e5 strikke julesokker til deg selv eller en du vil glede til jul! En ny del av oppskriften kommer hver s\u00f8ndag i adventstiden. Pluss en ekstra strikkeoppskrift p\u00e5 julaften, hva den oppskriften er forblir hemmelig frem til julaften! 1. s\u00f8ndag i advent (30.nov.) m\u00f8tes vi p\u00e5\u00a0Zoom\u00a0for en kickstart og minikurs om oppskriften for den som \u00f8nsker.   HVA? Hver s\u00f8ndag i adventstiden, mottar du en mail fra meg med s\u00f8ndagens del av sokkeoppskriften. Den blir fordelt p\u00e5 de 4 s\u00f8ndagene i advent, men for at du skal bli ferdig til julaften\u00a0s\u00e5 blir den fordelt p\u00e5 3 litt st\u00f8rre deler og den siste delen blir slutten av sokken... for det er f\u00e5 dager fra 4. s\u00f8ndag i advent og til julaften.  Oppskriften vil ha mange trinn-for-trinn bilder og ogs\u00e5 noen sm\u00e5 videoer laget spesielt for oppskriften. S\u00e5 om du er nybegynner eller erfaren strikker skal du kunne klare det. Skulle du st\u00e5 fast s\u00e5 hjelper jeg deg gjerne.  Mine sokker er strikket i r\u00f8dt og ubleket hvit, garnet jeg har brukt Fj\u00e6re sokkegarn fra Hillesv\u00e5g ullvarefarbrikk (80 % ull og 20% nylon) og p\u00e5 pinner nr. 2 1\/2. R\u00f8dt Fj\u00e6re sokkegarn, har du nok aldri sett f\u00f8r. Da Hillesv\u00e5g\u00a0har spesialfarget dette for meg, og finnes ikke i deres fargekart. S\u00e5 vil du har r\u00f8dt sokkegarn s\u00e5 har du muligheten her.  HVEM? Sokkeoppskriften splitter ny til adventskalenderen 2025 og laget spesielt av meg, Tove Fevang til deg. Jeg\u00a0har jobbet fulltid som h\u00e5ndarbeidsdesigner, forfatter av et tyvetalls h\u00e5ndarbeids b\u00f8ker, kurs- og foredragsholder, redakt\u00f8r for ulike magasiner gjennom de siste 45 \u00e5rene. (mitt firma Idestuen as fyller faktisk 40 \u00e5r i starten av desember 2025, kanskje jeg m\u00e5 feire det) Jeg elsker \u00e5 designe v\u00e6re seg strikk, hekling, s\u00f8m, broderi. Tenke ut nye ideer og se om de kan fungere slik jeg \u00f8nsker. Ekstra stor er gleden n\u00e5r jeg ser mange f\u00e5r til det jeg har designet og har glede av \u00e5 bruke oppskriftene, og ikke minst skaper sine egne ting ut ifra ideene og designene. Mitt store \u00f8nske er at alle skal ha like stor glede av h\u00e5ndarbeid som meg selv, og kan jeg v\u00e6re med p\u00e5 \u00e5 hjelpe noen p\u00e5 den veien s\u00e5 er det en stor glede for meg!  HVORDAN? Du f\u00e5r en ny del av sokkeoppskriften rett inn i innboksen p\u00e5 mailen din hver s\u00f8ndag formiddag i adventstiden. Pssst... p\u00e5 julaften kommer julenissen med en ekstra oppskrift som du kan strikke p\u00e5 i julen... NB! Garnpakke til Adventskalender 2025 m\u00e5 kj\u00f8pes separat G\u00e5 hit for \u00e5 kj\u00f8pe garnpakke til adventskalenderen. \u00a0\" \/>\n<meta property=\"og:url\" content=\"https:\/\/www.tovefevang.no\/shop\/produkt\/test-adventskalender-2025-strikke-julesokker-test\/\" \/>\n<meta property=\"og:site_name\" content=\"Idestuen AS - Tove Fevang\" \/>\n<meta property=\"article:publisher\" content=\"https:\/\/www.facebook.com\/tovefevang.no\" \/>\n<meta property=\"article:modified_time\" content=\"2025-11-27T09:25:06+00:00\" \/>\n<meta property=\"og:image\" content=\"https:\/\/www.tovefevang.no\/shop\/wp-content\/uploads\/sites\/2\/2025\/10\/DSC05865-Edit-1920x1080-72dpi-1024x753-1.jpg\" \/>\n\t<meta property=\"og:image:width\" content=\"1024\" \/>\n\t<meta property=\"og:image:height\" content=\"753\" \/>\n\t<meta property=\"og:image:type\" content=\"image\/jpeg\" \/>\n<meta name=\"twitter:card\" content=\"summary_large_image\" \/>\n<meta name=\"twitter:label1\" content=\"Ansl. lesetid\" \/>\n\t<meta name=\"twitter:data1\" content=\"1 minutt\" \/>\n<script type=\"application\/ld+json\" class=\"yoast-schema-graph\">{\"@context\":\"https:\\\/\\\/schema.org\",\"@graph\":[{\"@type\":\"WebPage\",\"@id\":\"https:\\\/\\\/www.tovefevang.no\\\/shop\\\/produkt\\\/test-adventskalender-2025-strikke-julesokker-test\\\/\",\"url\":\"https:\\\/\\\/www.tovefevang.no\\\/shop\\\/produkt\\\/test-adventskalender-2025-strikke-julesokker-test\\\/\",\"name\":\"TEST Adventskalender 2025 = strikke julesokker-test - Idestuen AS - Tove Fevang\",\"isPartOf\":{\"@id\":\"https:\\\/\\\/www.tovefevang.no\\\/shop\\\/#website\"},\"primaryImageOfPage\":{\"@id\":\"https:\\\/\\\/www.tovefevang.no\\\/shop\\\/produkt\\\/test-adventskalender-2025-strikke-julesokker-test\\\/#primaryimage\"},\"image\":{\"@id\":\"https:\\\/\\\/www.tovefevang.no\\\/shop\\\/produkt\\\/test-adventskalender-2025-strikke-julesokker-test\\\/#primaryimage\"},\"thumbnailUrl\":\"https:\\\/\\\/www.tovefevang.no\\\/shop\\\/wp-content\\\/uploads\\\/sites\\\/2\\\/2025\\\/10\\\/DSC05865-Edit-1920x1080-72dpi-1024x753-1.jpg\",\"datePublished\":\"2025-11-27T09:24:00+00:00\",\"dateModified\":\"2025-11-27T09:25:06+00:00\",\"breadcrumb\":{\"@id\":\"https:\\\/\\\/www.tovefevang.no\\\/shop\\\/produkt\\\/test-adventskalender-2025-strikke-julesokker-test\\\/#breadcrumb\"},\"inLanguage\":\"nb-NO\",\"potentialAction\":[{\"@type\":\"ReadAction\",\"target\":[\"https:\\\/\\\/www.tovefevang.no\\\/shop\\\/produkt\\\/test-adventskalender-2025-strikke-julesokker-test\\\/\"]}]},{\"@type\":\"ImageObject\",\"inLanguage\":\"nb-NO\",\"@id\":\"https:\\\/\\\/www.tovefevang.no\\\/shop\\\/produkt\\\/test-adventskalender-2025-strikke-julesokker-test\\\/#primaryimage\",\"url\":\"https:\\\/\\\/www.tovefevang.no\\\/shop\\\/wp-content\\\/uploads\\\/sites\\\/2\\\/2025\\\/10\\\/DSC05865-Edit-1920x1080-72dpi-1024x753-1.jpg\",\"contentUrl\":\"https:\\\/\\\/www.tovefevang.no\\\/shop\\\/wp-content\\\/uploads\\\/sites\\\/2\\\/2025\\\/10\\\/DSC05865-Edit-1920x1080-72dpi-1024x753-1.jpg\",\"width\":1024,\"height\":753},{\"@type\":\"BreadcrumbList\",\"@id\":\"https:\\\/\\\/www.tovefevang.no\\\/shop\\\/produkt\\\/test-adventskalender-2025-strikke-julesokker-test\\\/#breadcrumb\",\"itemListElement\":[{\"@type\":\"ListItem\",\"position\":1,\"name\":\"Hjem\",\"item\":\"https:\\\/\\\/www.tovefevang.no\\\/shop\\\/\"},{\"@type\":\"ListItem\",\"position\":2,\"name\":\"Nettbutikk\",\"item\":\"https:\\\/\\\/www.tovefevang.no\\\/shop\\\/butikk\\\/\"},{\"@type\":\"ListItem\",\"position\":3,\"name\":\"TEST Adventskalender 2025 = strikke julesokker-test\"}]},{\"@type\":\"WebSite\",\"@id\":\"https:\\\/\\\/www.tovefevang.no\\\/shop\\\/#website\",\"url\":\"https:\\\/\\\/www.tovefevang.no\\\/shop\\\/\",\"name\":\"Idestuen AS - Tove Fevang\",\"description\":\"Idestuen AS - Tove Fevang\",\"publisher\":{\"@id\":\"https:\\\/\\\/www.tovefevang.no\\\/shop\\\/#organization\"},\"potentialAction\":[{\"@type\":\"SearchAction\",\"target\":{\"@type\":\"EntryPoint\",\"urlTemplate\":\"https:\\\/\\\/www.tovefevang.no\\\/shop\\\/?s={search_term_string}\"},\"query-input\":{\"@type\":\"PropertyValueSpecification\",\"valueRequired\":true,\"valueName\":\"search_term_string\"}}],\"inLanguage\":\"nb-NO\"},{\"@type\":\"Organization\",\"@id\":\"https:\\\/\\\/www.tovefevang.no\\\/shop\\\/#organization\",\"name\":\"Idestuen AS - Tove Fevang\",\"url\":\"https:\\\/\\\/www.tovefevang.no\\\/shop\\\/\",\"logo\":{\"@type\":\"ImageObject\",\"inLanguage\":\"nb-NO\",\"@id\":\"https:\\\/\\\/www.tovefevang.no\\\/shop\\\/#\\\/schema\\\/logo\\\/image\\\/\",\"url\":\"https:\\\/\\\/www.tovefevang.no\\\/shop\\\/wp-content\\\/uploads\\\/sites\\\/2\\\/2023\\\/11\\\/tovefevang-logo-1950_500.png\",\"contentUrl\":\"https:\\\/\\\/www.tovefevang.no\\\/shop\\\/wp-content\\\/uploads\\\/sites\\\/2\\\/2023\\\/11\\\/tovefevang-logo-1950_500.png\",\"width\":708,\"height\":181,\"caption\":\"Idestuen AS - Tove Fevang\"},\"image\":{\"@id\":\"https:\\\/\\\/www.tovefevang.no\\\/shop\\\/#\\\/schema\\\/logo\\\/image\\\/\"},\"sameAs\":[\"https:\\\/\\\/www.facebook.com\\\/tovefevang.no\"]}]}<\/script>\n<!-- \/ Yoast SEO plugin. -->","yoast_head_json":{"title":"TEST Adventskalender 2025 = strikke julesokker-test - Idestuen AS - Tove Fevang","robots":{"index":"index","follow":"follow","max-snippet":"max-snippet:-1","max-image-preview":"max-image-preview:large","max-video-preview":"max-video-preview:-1"},"canonical":"https:\/\/www.tovefevang.no\/shop\/produkt\/test-adventskalender-2025-strikke-julesokker-test\/","og_locale":"nb_NO","og_type":"article","og_title":"TEST Adventskalender 2025 = strikke julesokker-test - Idestuen AS - Tove Fevang","og_description":"Adventskalender 2025\u00a0 = strikke julesokker\u00a0  Hva med \u00e5 finne litt tid til deg selv i adventstiden og gj\u00f8re noe av det du liker best.\u00a0Adventskalender 2025 betyr \u00e5 v\u00e6re med \u00e5 strikke julesokker til deg selv eller en du vil glede til jul! En ny del av oppskriften kommer hver s\u00f8ndag i adventstiden. Pluss en ekstra strikkeoppskrift p\u00e5 julaften, hva den oppskriften er forblir hemmelig frem til julaften! 1. s\u00f8ndag i advent (30.nov.) m\u00f8tes vi p\u00e5\u00a0Zoom\u00a0for en kickstart og minikurs om oppskriften for den som \u00f8nsker.   HVA? Hver s\u00f8ndag i adventstiden, mottar du en mail fra meg med s\u00f8ndagens del av sokkeoppskriften. Den blir fordelt p\u00e5 de 4 s\u00f8ndagene i advent, men for at du skal bli ferdig til julaften\u00a0s\u00e5 blir den fordelt p\u00e5 3 litt st\u00f8rre deler og den siste delen blir slutten av sokken... for det er f\u00e5 dager fra 4. s\u00f8ndag i advent og til julaften.  Oppskriften vil ha mange trinn-for-trinn bilder og ogs\u00e5 noen sm\u00e5 videoer laget spesielt for oppskriften. S\u00e5 om du er nybegynner eller erfaren strikker skal du kunne klare det. Skulle du st\u00e5 fast s\u00e5 hjelper jeg deg gjerne.  Mine sokker er strikket i r\u00f8dt og ubleket hvit, garnet jeg har brukt Fj\u00e6re sokkegarn fra Hillesv\u00e5g ullvarefarbrikk (80 % ull og 20% nylon) og p\u00e5 pinner nr. 2 1\/2. R\u00f8dt Fj\u00e6re sokkegarn, har du nok aldri sett f\u00f8r. Da Hillesv\u00e5g\u00a0har spesialfarget dette for meg, og finnes ikke i deres fargekart. S\u00e5 vil du har r\u00f8dt sokkegarn s\u00e5 har du muligheten her.  HVEM? Sokkeoppskriften splitter ny til adventskalenderen 2025 og laget spesielt av meg, Tove Fevang til deg. Jeg\u00a0har jobbet fulltid som h\u00e5ndarbeidsdesigner, forfatter av et tyvetalls h\u00e5ndarbeids b\u00f8ker, kurs- og foredragsholder, redakt\u00f8r for ulike magasiner gjennom de siste 45 \u00e5rene. (mitt firma Idestuen as fyller faktisk 40 \u00e5r i starten av desember 2025, kanskje jeg m\u00e5 feire det) Jeg elsker \u00e5 designe v\u00e6re seg strikk, hekling, s\u00f8m, broderi. Tenke ut nye ideer og se om de kan fungere slik jeg \u00f8nsker. Ekstra stor er gleden n\u00e5r jeg ser mange f\u00e5r til det jeg har designet og har glede av \u00e5 bruke oppskriftene, og ikke minst skaper sine egne ting ut ifra ideene og designene. Mitt store \u00f8nske er at alle skal ha like stor glede av h\u00e5ndarbeid som meg selv, og kan jeg v\u00e6re med p\u00e5 \u00e5 hjelpe noen p\u00e5 den veien s\u00e5 er det en stor glede for meg!  HVORDAN? Du f\u00e5r en ny del av sokkeoppskriften rett inn i innboksen p\u00e5 mailen din hver s\u00f8ndag formiddag i adventstiden. Pssst... p\u00e5 julaften kommer julenissen med en ekstra oppskrift som du kan strikke p\u00e5 i julen... NB! Garnpakke til Adventskalender 2025 m\u00e5 kj\u00f8pes separat G\u00e5 hit for \u00e5 kj\u00f8pe garnpakke til adventskalenderen. \u00a0","og_url":"https:\/\/www.tovefevang.no\/shop\/produkt\/test-adventskalender-2025-strikke-julesokker-test\/","og_site_name":"Idestuen AS - Tove Fevang","article_publisher":"https:\/\/www.facebook.com\/tovefevang.no","article_modified_time":"2025-11-27T09:25:06+00:00","og_image":[{"width":1024,"height":753,"url":"https:\/\/www.tovefevang.no\/shop\/wp-content\/uploads\/sites\/2\/2025\/10\/DSC05865-Edit-1920x1080-72dpi-1024x753-1.jpg","type":"image\/jpeg"}],"twitter_card":"summary_large_image","twitter_misc":{"Ansl. lesetid":"1 minutt"},"schema":{"@context":"https:\/\/schema.org","@graph":[{"@type":"WebPage","@id":"https:\/\/www.tovefevang.no\/shop\/produkt\/test-adventskalender-2025-strikke-julesokker-test\/","url":"https:\/\/www.tovefevang.no\/shop\/produkt\/test-adventskalender-2025-strikke-julesokker-test\/","name":"TEST Adventskalender 2025 = strikke julesokker-test - Idestuen AS - Tove Fevang","isPartOf":{"@id":"https:\/\/www.tovefevang.no\/shop\/#website"},"primaryImageOfPage":{"@id":"https:\/\/www.tovefevang.no\/shop\/produkt\/test-adventskalender-2025-strikke-julesokker-test\/#primaryimage"},"image":{"@id":"https:\/\/www.tovefevang.no\/shop\/produkt\/test-adventskalender-2025-strikke-julesokker-test\/#primaryimage"},"thumbnailUrl":"https:\/\/www.tovefevang.no\/shop\/wp-content\/uploads\/sites\/2\/2025\/10\/DSC05865-Edit-1920x1080-72dpi-1024x753-1.jpg","datePublished":"2025-11-27T09:24:00+00:00","dateModified":"2025-11-27T09:25:06+00:00","breadcrumb":{"@id":"https:\/\/www.tovefevang.no\/shop\/produkt\/test-adventskalender-2025-strikke-julesokker-test\/#breadcrumb"},"inLanguage":"nb-NO","potentialAction":[{"@type":"ReadAction","target":["https:\/\/www.tovefevang.no\/shop\/produkt\/test-adventskalender-2025-strikke-julesokker-test\/"]}]},{"@type":"ImageObject","inLanguage":"nb-NO","@id":"https:\/\/www.tovefevang.no\/shop\/produkt\/test-adventskalender-2025-strikke-julesokker-test\/#primaryimage","url":"https:\/\/www.tovefevang.no\/shop\/wp-content\/uploads\/sites\/2\/2025\/10\/DSC05865-Edit-1920x1080-72dpi-1024x753-1.jpg","contentUrl":"https:\/\/www.tovefevang.no\/shop\/wp-content\/uploads\/sites\/2\/2025\/10\/DSC05865-Edit-1920x1080-72dpi-1024x753-1.jpg","width":1024,"height":753},{"@type":"BreadcrumbList","@id":"https:\/\/www.tovefevang.no\/shop\/produkt\/test-adventskalender-2025-strikke-julesokker-test\/#breadcrumb","itemListElement":[{"@type":"ListItem","position":1,"name":"Hjem","item":"https:\/\/www.tovefevang.no\/shop\/"},{"@type":"ListItem","position":2,"name":"Nettbutikk","item":"https:\/\/www.tovefevang.no\/shop\/butikk\/"},{"@type":"ListItem","position":3,"name":"TEST Adventskalender 2025 = strikke julesokker-test"}]},{"@type":"WebSite","@id":"https:\/\/www.tovefevang.no\/shop\/#website","url":"https:\/\/www.tovefevang.no\/shop\/","name":"Idestuen AS - Tove Fevang","description":"Idestuen AS - Tove Fevang","publisher":{"@id":"https:\/\/www.tovefevang.no\/shop\/#organization"},"potentialAction":[{"@type":"SearchAction","target":{"@type":"EntryPoint","urlTemplate":"https:\/\/www.tovefevang.no\/shop\/?s={search_term_string}"},"query-input":{"@type":"PropertyValueSpecification","valueRequired":true,"valueName":"search_term_string"}}],"inLanguage":"nb-NO"},{"@type":"Organization","@id":"https:\/\/www.tovefevang.no\/shop\/#organization","name":"Idestuen AS - Tove Fevang","url":"https:\/\/www.tovefevang.no\/shop\/","logo":{"@type":"ImageObject","inLanguage":"nb-NO","@id":"https:\/\/www.tovefevang.no\/shop\/#\/schema\/logo\/image\/","url":"https:\/\/www.tovefevang.no\/shop\/wp-content\/uploads\/sites\/2\/2023\/11\/tovefevang-logo-1950_500.png","contentUrl":"https:\/\/www.tovefevang.no\/shop\/wp-content\/uploads\/sites\/2\/2023\/11\/tovefevang-logo-1950_500.png","width":708,"height":181,"caption":"Idestuen AS - Tove Fevang"},"image":{"@id":"https:\/\/www.tovefevang.no\/shop\/#\/schema\/logo\/image\/"},"sameAs":["https:\/\/www.facebook.com\/tovefevang.no"]}]}},"featured_img":"https:\/\/www.tovefevang.no\/shop\/wp-content\/uploads\/sites\/2\/2025\/10\/DSC05865-Edit-1920x1080-72dpi-1024x753-1.jpg","coauthors":[],"author_meta":{"author_link":"https:\/\/www.tovefevang.no\/shop\/author\/geiradmin\/","display_name":"Geir Arnesen"},"relative_dates":{"created":"Publisert 5 m\u00e5neder siden","modified":"Oppdatert 5 m\u00e5neder siden"},"absolute_dates":{"created":"Publisert 27. november 2025","modified":"Oppdatert 27. november 2025"},"absolute_dates_time":{"created":"Publisert 27. november 2025 10:24","modified":"Oppdatert 27. november 2025 10:25"},"featured_img_caption":"","tax_additional":{"product_brand":{"linked":[],"unlinked":[],"slug":"product_brand","name":"Merker"},"product_type":{"linked":["<a href=\"https:\/\/www.tovefevang.no\/shop\/?taxonomy=product_type&#038;term=simple\" class=\"advgb-post-tax-term\">simple<\/a>"],"unlinked":["<span class=\"advgb-post-tax-term\">simple<\/span>"],"slug":"product_type","name":"Produkttype"},"product_visibility":{"linked":[],"unlinked":[],"slug":"product_visibility","name":"Produktsynlighet"},"product_cat":{"linked":["<a href=\"https:\/\/www.tovefevang.no\/shop\/produktkategori\/kurs\/\" class=\"advgb-post-tax-term\">Kurs<\/a>","<a href=\"https:\/\/www.tovefevang.no\/shop\/produktkategori\/produkter\/oppskrift\/\" class=\"advgb-post-tax-term\">Oppskrifter<\/a>","<a href=\"https:\/\/www.tovefevang.no\/shop\/produktkategori\/produkter\/oppskrift\/sokker\/\" class=\"advgb-post-tax-term\">Sokker<\/a>"],"unlinked":["<span class=\"advgb-post-tax-term\">Kurs<\/span>","<span class=\"advgb-post-tax-term\">Oppskrifter<\/span>","<span class=\"advgb-post-tax-term\">Sokker<\/span>"],"slug":"product_cat","name":"Produktkategorier"},"product_tag":{"linked":[],"unlinked":[],"slug":"product_tag","name":"Produktstikkord"},"product_shipping_class":{"linked":[],"unlinked":[],"slug":"product_shipping_class","name":"Produkt fraktklasse"},"pos_product_visibility":{"linked":[],"unlinked":[],"slug":"pos_product_visibility","name":"POS Product visibility"},"pa_color":{"linked":[],"unlinked":[],"slug":"pa_color","name":"Produkt Farge"},"pa_size":{"linked":[],"unlinked":[],"slug":"pa_size","name":"Produkt St\u00f8rrelse"}},"series_order":"","_links":{"self":[{"href":"https:\/\/www.tovefevang.no\/shop\/wp-json\/wp\/v2\/product\/10015","targetHints":{"allow":["GET"]}}],"collection":[{"href":"https:\/\/www.tovefevang.no\/shop\/wp-json\/wp\/v2\/product"}],"about":[{"href":"https:\/\/www.tovefevang.no\/shop\/wp-json\/wp\/v2\/types\/product"}],"wp:featuredmedia":[{"embeddable":true,"href":"https:\/\/www.tovefevang.no\/shop\/wp-json\/wp\/v2\/media\/9061"}],"wp:attachment":[{"href":"https:\/\/www.tovefevang.no\/shop\/wp-json\/wp\/v2\/media?parent=10015"}],"wp:term":[{"taxonomy":"product_brand","embeddable":true,"href":"https:\/\/www.tovefevang.no\/shop\/wp-json\/wp\/v2\/product_brand?post=10015"},{"taxonomy":"product_cat","embeddable":true,"href":"https:\/\/www.tovefevang.no\/shop\/wp-json\/wp\/v2\/product_cat?post=10015"},{"taxonomy":"product_tag","embeddable":true,"href":"https:\/\/www.tovefevang.no\/shop\/wp-json\/wp\/v2\/product_tag?post=10015"}],"curies":[{"name":"wp","href":"https:\/\/api.w.org\/{rel}","templated":true}]}}